{"id":793,"date":"2019-10-29T19:15:57","date_gmt":"2019-10-29T18:15:57","guid":{"rendered":"http:\/\/www.jevouszen-massages.com\/?page_id=793"},"modified":"2022-05-17T18:06:38","modified_gmt":"2022-05-17T16:06:38","slug":"formation-professionnelle-2","status":"publish","type":"page","link":"http:\/\/www.jevouszen-massages.com\/index.php\/formation-professionnelle-2\/","title":{"rendered":"Formation professionnelle"},"content":{"rendered":"\n<p class=\"has-text-align-center has-text-color\" style=\"color:#f7181c\">Bient\u00f4t d&rsquo;ici janvier 2023!<\/p>\n\n\n\n<div class=\"wp-block-image\"><figure class=\"aligncenter is-resized\"><img loading=\"lazy\" src=\"http:\/\/www.jevouszen-massages.com\/wp-content\/uploads\/2019\/09\/kari-shea-1SAnrIxw5OY-unsplash-1024x683.jpg\" alt=\"\" class=\"wp-image-722\" width=\"297\" height=\"197\" srcset=\"http:\/\/www.jevouszen-massages.com\/wp-content\/uploads\/2019\/09\/kari-shea-1SAnrIxw5OY-unsplash-1024x683.jpg 1024w, http:\/\/www.jevouszen-massages.com\/wp-content\/uploads\/2019\/09\/kari-shea-1SAnrIxw5OY-unsplash-300x200.jpg 300w, http:\/\/www.jevouszen-massages.com\/wp-content\/uploads\/2019\/09\/kari-shea-1SAnrIxw5OY-unsplash-768x512.jpg 768w, http:\/\/www.jevouszen-massages.com\/wp-content\/uploads\/2019\/09\/kari-shea-1SAnrIxw5OY-unsplash-400x267.jpg 400w\" sizes=\"(max-width: 297px) 100vw, 297px\" \/><figcaption><a href=\"http:\/\/www.jevouszen-massages.com\/index.php\/formation-professionnelle-entreprise\/\" target=\"_blank\" rel=\"noreferrer noopener\" aria-label=\"Formation HEAD, NECK &amp; SHOULDERS Entreprise &amp; Ev\u00e9nementiel (s\u2019ouvre dans un nouvel onglet)\">Formation HEAD, NECK &amp; SHOULDERS Entreprise &amp; Ev\u00e9nementiel<\/a><\/figcaption><\/figure><\/div>\n\n\n\n<div class=\"wp-block-image\"><figure class=\"aligncenter is-resized\"><img loading=\"lazy\" src=\"http:\/\/www.jevouszen-massages.com\/wp-content\/uploads\/2019\/09\/kari-shea-1SAnrIxw5OY-unsplash-1024x683.jpg\" alt=\"\" class=\"wp-image-722\" width=\"298\" height=\"198\" srcset=\"http:\/\/www.jevouszen-massages.com\/wp-content\/uploads\/2019\/09\/kari-shea-1SAnrIxw5OY-unsplash-1024x683.jpg 1024w, http:\/\/www.jevouszen-massages.com\/wp-content\/uploads\/2019\/09\/kari-shea-1SAnrIxw5OY-unsplash-300x200.jpg 300w, http:\/\/www.jevouszen-massages.com\/wp-content\/uploads\/2019\/09\/kari-shea-1SAnrIxw5OY-unsplash-768x512.jpg 768w, http:\/\/www.jevouszen-massages.com\/wp-content\/uploads\/2019\/09\/kari-shea-1SAnrIxw5OY-unsplash-400x267.jpg 400w\" sizes=\"(max-width: 298px) 100vw, 298px\" \/><figcaption><a href=\"http:\/\/www.jevouszen-massages.com\/index.php\/femmes-enceintes-entreprise\/\" target=\"_blank\" rel=\"noreferrer noopener\" aria-label=\"Formation Entreprises &amp; Ev\u00e9nementiel \nSp\u00e9cifique FEMMES ENCEINTES (s\u2019ouvre dans un nouvel onglet)\">Formation Entreprises &amp; Ev\u00e9nementiel <br>Sp\u00e9cifique FEMMES ENCEINTES<\/a><\/figcaption><\/figure><\/div>\n","protected":false},"excerpt":{"rendered":"<p>Bient\u00f4t d&rsquo;ici janvier 2023!<\/p>\n","protected":false},"author":1,"featured_media":0,"parent":0,"menu_order":0,"comment_status":"closed","ping_status":"closed","template":"","meta":{"spay_email":""},"yoast_head":"<!-- This site is optimized with the Yoast SEO plugin v18.9 - https:\/\/yoast.com\/wordpress\/plugins\/seo\/ -->\n<title>Formation professionnelle - Je Vous Zen - Massage Academy<\/title>\n<meta name=\"description\" content=\"Apprenez un nouveau m\u00e9tier dans le secteur porteur du bien-\u00eatre au travail ou diversifiez votre offre aupr\u00e8s des entreprises.\" \/>\n<meta name=\"robots\" content=\"index, follow, max-snippet:-1, max-image-preview:large, max-video-preview:-1\" \/>\n<link rel=\"canonical\" href=\"http:\/\/www.jevouszen-massages.com\/index.php\/formation-professionnelle-2\/\" \/>\n<meta property=\"og:locale\" content=\"fr_FR\" \/>\n<meta property=\"og:type\" content=\"article\" \/>\n<meta property=\"og:title\" content=\"Formation professionnelle - Je Vous Zen - Massage Academy\" \/>\n<meta property=\"og:description\" content=\"Apprenez un nouveau m\u00e9tier dans le secteur porteur du bien-\u00eatre au travail ou diversifiez votre offre aupr\u00e8s des entreprises.\" \/>\n<meta property=\"og:url\" content=\"http:\/\/www.jevouszen-massages.com\/index.php\/formation-professionnelle-2\/\" \/>\n<meta property=\"og:site_name\" content=\"Je Vous Zen - Massage Academy\" \/>\n<meta property=\"article:modified_time\" content=\"2022-05-17T16:06:38+00:00\" \/>\n<meta property=\"og:image\" content=\"http:\/\/www.jevouszen-massages.com\/wp-content\/uploads\/2019\/09\/kari-shea-1SAnrIxw5OY-unsplash-1024x683.jpg\" \/>\n<meta name=\"twitter:card\" content=\"summary_large_image\" \/>\n<meta name=\"twitter:label1\" content=\"Dur\u00e9e de lecture estim\u00e9e\" \/>\n\t<meta name=\"twitter:data1\" content=\"1 minute\" \/>\n<script type=\"application\/ld+json\" class=\"yoast-schema-graph\">{\"@context\":\"https:\/\/schema.org\",\"@graph\":[{\"@type\":\"WebSite\",\"@id\":\"http:\/\/www.jevouszen-massages.com\/#website\",\"url\":\"http:\/\/www.jevouszen-massages.com\/\",\"name\":\"Je Vous Zen - Massage Academy\",\"description\":\"Centre de Formation au Massage bien-\u00eatre \u00e0 Marseille\",\"potentialAction\":[{\"@type\":\"SearchAction\",\"target\":{\"@type\":\"EntryPoint\",\"urlTemplate\":\"http:\/\/www.jevouszen-massages.com\/?s={search_term_string}\"},\"query-input\":\"required name=search_term_string\"}],\"inLanguage\":\"fr-FR\"},{\"@type\":\"ImageObject\",\"inLanguage\":\"fr-FR\",\"@id\":\"http:\/\/www.jevouszen-massages.com\/index.php\/formation-professionnelle-2\/#primaryimage\",\"url\":\"http:\/\/www.jevouszen-massages.com\/wp-content\/uploads\/2019\/09\/kari-shea-1SAnrIxw5OY-unsplash.jpg\",\"contentUrl\":\"http:\/\/www.jevouszen-massages.com\/wp-content\/uploads\/2019\/09\/kari-shea-1SAnrIxw5OY-unsplash.jpg\",\"width\":5243,\"height\":3495},{\"@type\":\"WebPage\",\"@id\":\"http:\/\/www.jevouszen-massages.com\/index.php\/formation-professionnelle-2\/#webpage\",\"url\":\"http:\/\/www.jevouszen-massages.com\/index.php\/formation-professionnelle-2\/\",\"name\":\"Formation professionnelle - Je Vous Zen - Massage Academy\",\"isPartOf\":{\"@id\":\"http:\/\/www.jevouszen-massages.com\/#website\"},\"primaryImageOfPage\":{\"@id\":\"http:\/\/www.jevouszen-massages.com\/index.php\/formation-professionnelle-2\/#primaryimage\"},\"datePublished\":\"2019-10-29T18:15:57+00:00\",\"dateModified\":\"2022-05-17T16:06:38+00:00\",\"description\":\"Apprenez un nouveau m\u00e9tier dans le secteur porteur du bien-\u00eatre au travail ou diversifiez votre offre aupr\u00e8s des entreprises.\",\"breadcrumb\":{\"@id\":\"http:\/\/www.jevouszen-massages.com\/index.php\/formation-professionnelle-2\/#breadcrumb\"},\"inLanguage\":\"fr-FR\",\"potentialAction\":[{\"@type\":\"ReadAction\",\"target\":[\"http:\/\/www.jevouszen-massages.com\/index.php\/formation-professionnelle-2\/\"]}]},{\"@type\":\"BreadcrumbList\",\"@id\":\"http:\/\/www.jevouszen-massages.com\/index.php\/formation-professionnelle-2\/#breadcrumb\",\"itemListElement\":[{\"@type\":\"ListItem\",\"position\":1,\"name\":\"Accueil\",\"item\":\"http:\/\/www.jevouszen-massages.com\/\"},{\"@type\":\"ListItem\",\"position\":2,\"name\":\"Formation professionnelle\"}]}]}<\/script>\n<!-- \/ Yoast SEO plugin. -->","yoast_head_json":{"title":"Formation professionnelle - Je Vous Zen - Massage Academy","description":"Apprenez un nouveau m\u00e9tier dans le secteur porteur du bien-\u00eatre au travail ou diversifiez votre offre aupr\u00e8s des entreprises.","robots":{"index":"index","follow":"follow","max-snippet":"max-snippet:-1","max-image-preview":"max-image-preview:large","max-video-preview":"max-video-preview:-1"},"canonical":"http:\/\/www.jevouszen-massages.com\/index.php\/formation-professionnelle-2\/","og_locale":"fr_FR","og_type":"article","og_title":"Formation professionnelle - Je Vous Zen - Massage Academy","og_description":"Apprenez un nouveau m\u00e9tier dans le secteur porteur du bien-\u00eatre au travail ou diversifiez votre offre aupr\u00e8s des entreprises.","og_url":"http:\/\/www.jevouszen-massages.com\/index.php\/formation-professionnelle-2\/","og_site_name":"Je Vous Zen - Massage Academy","article_modified_time":"2022-05-17T16:06:38+00:00","og_image":[{"url":"http:\/\/www.jevouszen-massages.com\/wp-content\/uploads\/2019\/09\/kari-shea-1SAnrIxw5OY-unsplash-1024x683.jpg"}],"twitter_card":"summary_large_image","twitter_misc":{"Dur\u00e9e de lecture estim\u00e9e":"1 minute"},"schema":{"@context":"https:\/\/schema.org","@graph":[{"@type":"WebSite","@id":"http:\/\/www.jevouszen-massages.com\/#website","url":"http:\/\/www.jevouszen-massages.com\/","name":"Je Vous Zen - Massage Academy","description":"Centre de Formation au Massage bien-\u00eatre \u00e0 Marseille","potentialAction":[{"@type":"SearchAction","target":{"@type":"EntryPoint","urlTemplate":"http:\/\/www.jevouszen-massages.com\/?s={search_term_string}"},"query-input":"required name=search_term_string"}],"inLanguage":"fr-FR"},{"@type":"ImageObject","inLanguage":"fr-FR","@id":"http:\/\/www.jevouszen-massages.com\/index.php\/formation-professionnelle-2\/#primaryimage","url":"http:\/\/www.jevouszen-massages.com\/wp-content\/uploads\/2019\/09\/kari-shea-1SAnrIxw5OY-unsplash.jpg","contentUrl":"http:\/\/www.jevouszen-massages.com\/wp-content\/uploads\/2019\/09\/kari-shea-1SAnrIxw5OY-unsplash.jpg","width":5243,"height":3495},{"@type":"WebPage","@id":"http:\/\/www.jevouszen-massages.com\/index.php\/formation-professionnelle-2\/#webpage","url":"http:\/\/www.jevouszen-massages.com\/index.php\/formation-professionnelle-2\/","name":"Formation professionnelle - Je Vous Zen - Massage Academy","isPartOf":{"@id":"http:\/\/www.jevouszen-massages.com\/#website"},"primaryImageOfPage":{"@id":"http:\/\/www.jevouszen-massages.com\/index.php\/formation-professionnelle-2\/#primaryimage"},"datePublished":"2019-10-29T18:15:57+00:00","dateModified":"2022-05-17T16:06:38+00:00","description":"Apprenez un nouveau m\u00e9tier dans le secteur porteur du bien-\u00eatre au travail ou diversifiez votre offre aupr\u00e8s des entreprises.","breadcrumb":{"@id":"http:\/\/www.jevouszen-massages.com\/index.php\/formation-professionnelle-2\/#breadcrumb"},"inLanguage":"fr-FR","potentialAction":[{"@type":"ReadAction","target":["http:\/\/www.jevouszen-massages.com\/index.php\/formation-professionnelle-2\/"]}]},{"@type":"BreadcrumbList","@id":"http:\/\/www.jevouszen-massages.com\/index.php\/formation-professionnelle-2\/#breadcrumb","itemListElement":[{"@type":"ListItem","position":1,"name":"Accueil","item":"http:\/\/www.jevouszen-massages.com\/"},{"@type":"ListItem","position":2,"name":"Formation professionnelle"}]}]}},"jetpack_sharing_enabled":true,"jetpack_shortlink":"https:\/\/wp.me\/P9Lu4E-cN","_links":{"self":[{"href":"http:\/\/www.jevouszen-massages.com\/index.php\/wp-json\/wp\/v2\/pages\/793"}],"collection":[{"href":"http:\/\/www.jevouszen-massages.com\/index.php\/wp-json\/wp\/v2\/pages"}],"about":[{"href":"http:\/\/www.jevouszen-massages.com\/index.php\/wp-json\/wp\/v2\/types\/page"}],"author":[{"embeddable":true,"href":"http:\/\/www.jevouszen-massages.com\/index.php\/wp-json\/wp\/v2\/users\/1"}],"replies":[{"embeddable":true,"href":"http:\/\/www.jevouszen-massages.com\/index.php\/wp-json\/wp\/v2\/comments?post=793"}],"version-history":[{"count":10,"href":"http:\/\/www.jevouszen-massages.com\/index.php\/wp-json\/wp\/v2\/pages\/793\/revisions"}],"predecessor-version":[{"id":2699,"href":"http:\/\/www.jevouszen-massages.com\/index.php\/wp-json\/wp\/v2\/pages\/793\/revisions\/2699"}],"wp:attachment":[{"href":"http:\/\/www.jevouszen-massages.com\/index.php\/wp-json\/wp\/v2\/media?parent=793"}],"curies":[{"name":"wp","href":"https:\/\/api.w.org\/{rel}","templated":true}]}}